{"id":20799,"date":"2020-12-15T21:23:40","date_gmt":"2020-12-15T20:23:40","guid":{"rendered":"https:\/\/www.cgt-lkn.org\/bizkaia\/?page_id=20799"},"modified":"2023-06-26T12:24:19","modified_gmt":"2023-06-26T10:24:19","slug":"rgpd","status":"publish","type":"page","link":"https:\/\/www.cgt-lkn.org\/bizkaia\/rgpd","title":{"rendered":"RGPD"},"content":{"rendered":"<h1>AVISO LEGAL<\/h1>\n<h2>Identificaci\u00f3n y Titularidad<\/h2>\n<p><span style=\"font-size: 12pt;\">En cumplimiento del art\u00edculo 10 de la Ley 34\/2002, de 11 de julio, de Servicios de la Sociedad de la Informaci\u00f3n y Comercio Electr\u00f3nico, a continuaci\u00f3n se exponen los datos identificativos del titular.<\/span><\/p>\n<ul>\n<li><span style=\"font-size: 12pt;\"><b>Titular:<\/b>\u00a0CGT-LKN\u00a0Confederaci\u00f3n General del Trabajo \u2013 Lanaren Konfederakunde Nagusia<\/span><\/li>\n<li><span style=\"font-size: 12pt;\"><b>NIF\/CIF:\u00a0<\/b>V95343257<\/span><\/li>\n<li><span style=\"font-size: 12pt;\"><b>Domicilio:\u00a0<\/b>C\/ Bail\u00e9n n\u00ba 7-Entresuelo\u00a0Dptos 2,3 y 4 48003 Bilbao<\/span><\/li>\n<li><span style=\"font-size: 12pt;\"><b>Correo electr\u00f3nico:<\/b>\u00a0sg-euskadi@cgt-lkn.org<\/span><\/li>\n<\/ul>\n<h2>Finalidad<\/h2>\n<p><span style=\"font-size: 12pt;\">La finalidad del sitio web\u00a0<a href=\"https:\/\/www.cgt-lkn.org\/\" target=\"_blank\" rel=\"noopener noreferrer\">https:\/\/www.cgt-lkn.org<\/a>\u00a0es aportar informaci\u00f3n procedente de nuestro sindicato y afines.<\/span><\/p>\n<h2>Condiciones de Uso<\/h2>\n<p><span style=\"font-size: 12pt;\">La simple y mera utilizaci\u00f3n de la p\u00e1gina Web otorga la condici\u00f3n de usuario de la p\u00e1gina, bien sea persona f\u00edsica o jur\u00eddica, y obligatoriamente implica la aceptaci\u00f3n completa, plena y sin reservas de todas y cada una de las cl\u00e1usulas y condiciones generales incluidas en el Aviso Legal. Si el Usuario no estuviera conforme con las cl\u00e1usulas y condiciones de uso de este Aviso Legal, se abstendr\u00e1 de utilizar la p\u00e1gina Web.<\/span><\/p>\n<p><span style=\"font-size: 12pt;\">El usuario queda informado, y acepta, que el acceso a la presente web no supone, en modo alguno, el inicio de una relaci\u00f3n comercial con Particular.<\/span><\/p>\n<p><span style=\"font-size: 12pt;\">A trav\u00e9s de la p\u00e1gina Web el Particular facilita a los usuarios el acceso y la utilizaci\u00f3n de diversos Contenidos publicados por medio de Internet.<\/span><\/p>\n<p><span style=\"font-size: 12pt;\">A tal efecto, el Usuario se obliga y se compromete a NO utilizar cualquiera de los Contenidos con fines o efectos il\u00edcitos, prohibidos en el Aviso Legal o por la legislaci\u00f3n vigente, lesivos de los derechos e intereses de terceros, o que de cualquier forma puedan da\u00f1ar, inutilizar, sobrecargar, deteriorar o impedir la normal utilizaci\u00f3n de los Contenidos, los equipos inform\u00e1ticos o los documentos, archivos y toda clase de contenidos almacenados en cualquier equipo inform\u00e1tico propios o contratados por Particular, de otros Usuarios o de cualquier usuario de Internet (hardware y software).<\/span><\/p>\n<h2>Medidas de seguridad<\/h2>\n<p><span style=\"font-size: 12pt;\">Los datos personales comunicados por el usuario a Particular pueden ser almacenados en bases de datos automatizadas o no, cuya titularidad corresponde en exclusiva a Particular, asumiendo \u00e9sta todas las medidas de \u00edndole t\u00e9cnica, organizativa y de seguridad que garantizan la confidencialidad, integridad y calidad de la informaci\u00f3n contenida en las mismas de acuerdo con lo establecido en la normativa vigente en protecci\u00f3n de datos.<\/span><\/p>\n<p><span style=\"font-size: 12pt;\">No obstante, el usuario debe ser consciente de que las medidas de seguridad de los sistemas inform\u00e1ticos en Internet no son enteramente fiables y que, por tanto Particular no puede garantizar la inexistencia de malware u otros elementos que puedan producir alteraciones en los sistemas inform\u00e1ticos (software y hardware) del usuario o en sus documentos electr\u00f3nicos y ficheros contenidos en los mismos aunque se ponen todos los medios necesarios y las medidas de seguridad oportunas para evitar la presencia de estos elementos da\u00f1inos.<\/span><\/p>\n<h2>Datos personales que recabamos y c\u00f3mo lo hacemos<\/h2>\n<p><span style=\"font-size: 12pt;\">Puedes consultar toda la informaci\u00f3n relativa a los datos personales que recogemos en la p\u00e1gina de\u00a0<a href=\"https:\/\/www.cgt-lkn.org\/politica-de-privacidad\" target=\"_blank\" rel=\"nofollow noopener noreferrer\">pol\u00edtica de privacidad<\/a>.<\/span><\/p>\n<h2>Contenidos<\/h2>\n<p><span style=\"font-size: 12pt;\">Particular ha obtenido la informaci\u00f3n y los materiales incluidos en la Web de fuentes consideradas como fiables, pero, si bien se han tomado medidas razonables para asegurarse de que la Informaci\u00f3n contenida sea correcta, Particular no garantiza que sea exacta, completa, o actualizada. Particular declina expresamente cualquier responsabilidad por error u omisi\u00f3n en la Informaci\u00f3n contenida en las p\u00e1ginas de esta Web.<\/span><\/p>\n<p><span style=\"font-size: 12pt;\">Queda prohibido transmitir o enviar a trav\u00e9s de la Web cualquier contenido ilegal o il\u00edcito, virus inform\u00e1ticos, o mensajes que, en general, afecten o violen derechos de\u00a0Particular o de terceros.<\/span><\/p>\n<p><span style=\"font-size: 12pt;\">Los contenidos de esta Web tienen \u00fanicamente finalidad informativa y bajo ninguna circunstancia deben usarse ni considerarse como oferta de venta, solicitud de una oferta de compra ni recomendaci\u00f3n para realizar cualquier otra operaci\u00f3n, salvo que as\u00ed se indique expresamente.<\/span><\/p>\n<p><span style=\"font-size: 12pt;\">Particular se reserva el derecho a modificar, suspender, cancelar o restringir el contenido de la Web, los v\u00ednculos o la informaci\u00f3n obtenida a trav\u00e9s de ella, sin necesidad de previo aviso.<\/span><\/p>\n<p><span style=\"font-size: 12pt;\">Particular\u00a0no es responsable de los datos y perjuicios que pudieran derivarse de la utilizaci\u00f3n de los documentos por el usuario receptor.<\/span><\/p>\n<h2>Pol\u00edtica de cookies<\/h2>\n<p><span style=\"font-size: 12pt;\">Puede consultar <a href=\"https:\/\/www.cgt-lkn.org\/bizkaia\/rgpd\/politica-de-cookies\">aqu\u00ed<\/a>\u00a0<a href=\"https:\/\/www.cgt-lkn.org\/politica-de-cookies\" target=\"_blank\" rel=\"nofollow noopener noreferrer\">la pol\u00edtica de cookies<\/a>.<\/span><\/p>\n<h2>Pol\u00edtica de privacidad<\/h2>\n<p><span style=\"font-size: 12pt;\">Puede consultar <a href=\"https:\/\/www.cgt-lkn.org\/bizkaia\/rgpd\/politica-de-privacidad\">aqu\u00ed\u00a0la pol\u00edtica de\u00a0privacidad<\/a><\/span><\/p>\n<h2>Enlaces de acceso a otros sitios web<\/h2>\n<p><span style=\"font-size: 12pt;\">Particular proporciona al usuario el acceso a otros sitios Web de terceras personas mediante links (enlaces) con la finalidad exclusiva de informarle sobre la existencia de otras fuentes de informaci\u00f3n en Internet con las que podr\u00e1 ampliar los datos que se le ofrecen en este sitio Web.<\/span><\/p>\n<p><span style=\"font-size: 12pt;\">Estos enlaces a otros sitios Web no suponen en ning\u00fan caso una sugerencia o recomendaci\u00f3n de visitar las p\u00e1ginas Web de destino, que se encuentran fuera del control de Particular, por lo que Particular. no es responsable del contenido de los sitios Web vinculados ni del resultado obtenido por el usuario a trav\u00e9s de dichos enlaces hipertextuales.<\/span><\/p>\n<p><span style=\"font-size: 12pt;\">Asimismo, Particular no responde de los links o enlaces ubicados en los sitios vinculados a los que proporciona acceso.<\/span><\/p>\n<h2>Propiedad intelectual e industrial<\/h2>\n<p><span style=\"font-size: 12pt;\">Todos los derechos est\u00e1n reservados. Todo acceso a esta p\u00e1gina Web est\u00e1 sujeto a las siguientes condiciones: la reproducci\u00f3n, almacenaje permanente y la difusi\u00f3n de los contenidos o cualquier otro uso que tenga finalidad p\u00fablica o comercial queda expresamente prohibida sin el consentimiento previo expreso y por escrito de Particular.<\/span><\/p>\n<h2>Limitaci\u00f3n de responsabilidad<\/h2>\n<p><span style=\"font-size: 12pt;\">La informaci\u00f3n y servicios incluidos o disponibles a trav\u00e9s del sitio\u00a0pueden incluir incorrecciones o errores tipogr\u00e1ficos. De forma peri\u00f3dica se incorporan cambios a la informaci\u00f3n contenida. Particular puede introducir en cualquier momento mejoras y\/o cambios en los servicios o contenidos.<\/span><\/p>\n<p><span style=\"font-size: 12pt;\">Particular declina cualquier responsabilidad en caso de que existan interrupciones o un mal funcionamiento de los servicios o contenidos ofrecidos en Internet, cualquiera que sea su causa. Asimismo, Particular no se hace responsable por ca\u00eddas de la red, p\u00e9rdidas de negocio a consecuencia de dichas ca\u00eddas, suspensiones temporales de fluido el\u00e9ctrico o cualquier otro tipo de da\u00f1o indirecto que le pueda ser causado a los Usuarios por causas ajenas a Particular<\/span><\/p>\n<p><span style=\"font-size: 12pt;\">Particular no declara ni garantiza que los servicios o contenidos sean interrumpidos o que est\u00e9n libres de errores, que los defectos sean corregidos, o que el servicio o el servidor que lo pone a disposici\u00f3n est\u00e9n libres de virus u otros componentes nocivos sin perjuicio de que Particular realiza sus mejores esfuerzos en evitar este tipo de incidentes. En caso de que el Usuario tomara determinadas decisiones o realizara acciones con base a la informaci\u00f3n incluida en cualquiera de los sitios Web, se recomienda la comprobaci\u00f3n de la informaci\u00f3n recibida con otras fuentes.<\/span><\/p>\n<h2>Juridiscci\u00f3n<\/h2>\n<p><span style=\"font-size: 12pt;\">Para cuantas cuestiones se susciten sobre la interpretaci\u00f3n, aplicaci\u00f3n y cumplimiento de este Aviso Legal, as\u00ed como de las reclamaciones que puedan derivarse de su uso, todos las partes intervinientes se someten a los Jueces y Tribunales de la provincia correspondiente, renunciando de forma expresa a cualquier otro fuero que pudiera corresponderles.<\/span><\/p>\n<h2>Contacto<\/h2>\n<p><span style=\"font-size: 12pt;\">En caso de que cualquier usuario tuviese alguna duda acerca de estas Condiciones legales o cualquier comentario sobre el portal\u00a0<a href=\"https:\/\/www.cgt-lkn.org\/\" target=\"_blank\" rel=\"nofollow noopener noreferrer\">http:\/\/localhost\/wordpress<\/a>, puede enviar un correo a\u00a0<a href=\"mailto:web@cgt-lkn.org\" target=\"_blank\" rel=\"noopener noreferrer\">web@cgt-lkn.org<\/a>.<\/span><\/p>\n<p>&nbsp;<\/p>\n<h1><a href=\"https:\/\/www.cgt-lkn.org\/bizkaia\/rgpd\/politica-de-privacidad\"><img loading=\"lazy\" decoding=\"async\" class=\"alignnone size-full wp-image-23447 aligncenter\" src=\"https:\/\/www.cgt-lkn.org\/bizkaia\/wp-content\/uploads\/sites\/21\/2023\/06\/politica-de-privacidad.jpg\" alt=\"\" width=\"299\" height=\"168\" \/><\/a><\/h1>\n<h1 class=\"entry-title\" style=\"text-align: center;\">POL\u00cdTICA DE <a href=\"https:\/\/www.cgt-lkn.org\/bizkaia\/rgpd\/politica-de-privacidad\">PRIVACIDAD<\/a><\/h1>\n<p>&nbsp;<\/p>\n<p>&nbsp;<\/p>\n<p><a href=\"https:\/\/www.cgt-lkn.org\/bizkaia\/rgpd\/politica-de-cookies\"><img loading=\"lazy\" decoding=\"async\" class=\"size-medium wp-image-23449 aligncenter\" src=\"https:\/\/www.cgt-lkn.org\/bizkaia\/wp-content\/uploads\/sites\/21\/2023\/06\/politica-de-cookies-300x99.jpg\" alt=\"\" width=\"300\" height=\"99\" srcset=\"https:\/\/www.cgt-lkn.org\/bizkaia\/wp-content\/uploads\/sites\/21\/2023\/06\/politica-de-cookies-300x99.jpg 300w, https:\/\/www.cgt-lkn.org\/bizkaia\/wp-content\/uploads\/sites\/21\/2023\/06\/politica-de-cookies.jpg 389w\" sizes=\"auto, (max-width: 300px) 100vw, 300px\" \/><\/a><\/p>\n<h1 class=\"entry-title\" style=\"text-align: center;\"><a href=\"https:\/\/www.cgt-lkn.org\/bizkaia\/rgpd\/politica-de-cookies\">POL\u00cdTICA DE COOKIES<\/a><\/h1>\n<p>&nbsp;<\/p>\n<p style=\"text-align: center;\"><span style=\"font-size: 14pt;\"><strong>Para recibir las noticias \u00fanete a nuestro canal de <a href=\"https:\/\/t.me\/cgtlknbizkaia\" target=\"_blank\" rel=\"noopener\">Telegram<\/a><\/strong><\/span><\/p>\n<p><a href=\"https:\/\/t.me\/cgtlknbizkaia\"><img loading=\"lazy\" decoding=\"async\" class=\"aligncenter wp-image-19213 size-medium\" src=\"https:\/\/www.cgt-lkn.org\/bizkaia\/wp-content\/uploads\/sites\/21\/2020\/04\/Telegram-CGT-LKN-Bizkaia-300x166.jpg\" alt=\"\" width=\"300\" height=\"166\" srcset=\"https:\/\/www.cgt-lkn.org\/bizkaia\/wp-content\/uploads\/sites\/21\/2020\/04\/Telegram-CGT-LKN-Bizkaia-300x166.jpg 300w, https:\/\/www.cgt-lkn.org\/bizkaia\/wp-content\/uploads\/sites\/21\/2020\/04\/Telegram-CGT-LKN-Bizkaia-200x111.jpg 200w, https:\/\/www.cgt-lkn.org\/bizkaia\/wp-content\/uploads\/sites\/21\/2020\/04\/Telegram-CGT-LKN-Bizkaia-400x221.jpg 400w, https:\/\/www.cgt-lkn.org\/bizkaia\/wp-content\/uploads\/sites\/21\/2020\/04\/Telegram-CGT-LKN-Bizkaia.jpg 600w\" sizes=\"auto, (max-width: 300px) 100vw, 300px\" \/><\/a><\/p>\n<p><a href=\"https:\/\/www.youtube.com\/user\/cgtbizkaia\" target=\"_blank\" rel=\"noopener\"><img loading=\"lazy\" decoding=\"async\" class=\"aligncenter size-full wp-image-21708\" src=\"https:\/\/www.cgt-lkn.org\/bizkaia\/wp-content\/uploads\/sites\/21\/3021\/01\/Youtube-CGT-Bizkaia.jpg\" alt=\"\" width=\"180\" height=\"180\" srcset=\"https:\/\/www.cgt-lkn.org\/bizkaia\/wp-content\/uploads\/sites\/21\/3021\/01\/Youtube-CGT-Bizkaia.jpg 180w, https:\/\/www.cgt-lkn.org\/bizkaia\/wp-content\/uploads\/sites\/21\/3021\/01\/Youtube-CGT-Bizkaia-150x150.jpg 150w\" sizes=\"auto, (max-width: 180px) 100vw, 180px\" \/><\/a><\/p>\n<p>&nbsp;<\/p>\n<p style=\"text-align: center;\"><span style=\"font-size: 14pt;\"><b>PINCHA <a href=\"https:\/\/www.cgt-lkn.org\/afiliar\/public\/#!\/\">AQU\u00cd<\/a> PARA AFILIARTE<\/b><\/span><\/p>\n<p><a href=\"https:\/\/www.cgt-lkn.org\/afiliar\/public\/#!\/\"><img loading=\"lazy\" decoding=\"async\" class=\"aligncenter wp-image-20979 size-medium\" src=\"https:\/\/www.cgt-lkn.org\/bizkaia\/wp-content\/uploads\/sites\/21\/2021\/03\/La-llave-es-el-sindicato-Afiliate-CGT-300x169.jpg\" alt=\"\" width=\"300\" height=\"169\" srcset=\"https:\/\/www.cgt-lkn.org\/bizkaia\/wp-content\/uploads\/sites\/21\/2021\/03\/La-llave-es-el-sindicato-Afiliate-CGT-300x169.jpg 300w, https:\/\/www.cgt-lkn.org\/bizkaia\/wp-content\/uploads\/sites\/21\/2021\/03\/La-llave-es-el-sindicato-Afiliate-CGT.jpg 600w\" sizes=\"auto, (max-width: 300px) 100vw, 300px\" \/><\/a><\/p>\n<p style=\"text-align: center;\"><span style=\"font-size: 14pt;\"><strong>Para recibir las noticias \u00fanete <\/strong><\/span><\/p>\n<p>&nbsp;<\/p>\n","protected":false},"excerpt":{"rendered":"<p>AVISO LEGAL Identificaci\u00f3n y Titularidad En cumplimiento del art\u00edculo 10 de la Ley 34\/2002, de 11 de julio, de Servicios<\/p>\n","protected":false},"author":31,"featured_media":0,"parent":0,"menu_order":100,"comment_status":"closed","ping_status":"closed","template":"","meta":{"footnotes":"","_links_to":"","_links_to_target":""},"class_list":["post-20799","page","type-page","status-publish","hentry"],"publishpress_future_action":{"enabled":false,"date":"2026-05-06 13:36:31","action":"change-status","newStatus":"draft","terms":[],"taxonomy":"","extraData":[]},"publishpress_future_workflow_manual_trigger":{"enabledWorkflows":[]},"_links":{"self":[{"href":"https:\/\/www.cgt-lkn.org\/bizkaia\/wp-json\/wp\/v2\/pages\/20799","targetHints":{"allow":["GET"]}}],"collection":[{"href":"https:\/\/www.cgt-lkn.org\/bizkaia\/wp-json\/wp\/v2\/pages"}],"about":[{"href":"https:\/\/www.cgt-lkn.org\/bizkaia\/wp-json\/wp\/v2\/types\/page"}],"author":[{"embeddable":true,"href":"https:\/\/www.cgt-lkn.org\/bizkaia\/wp-json\/wp\/v2\/users\/31"}],"replies":[{"embeddable":true,"href":"https:\/\/www.cgt-lkn.org\/bizkaia\/wp-json\/wp\/v2\/comments?post=20799"}],"version-history":[{"count":9,"href":"https:\/\/www.cgt-lkn.org\/bizkaia\/wp-json\/wp\/v2\/pages\/20799\/revisions"}],"predecessor-version":[{"id":23458,"href":"https:\/\/www.cgt-lkn.org\/bizkaia\/wp-json\/wp\/v2\/pages\/20799\/revisions\/23458"}],"wp:attachment":[{"href":"https:\/\/www.cgt-lkn.org\/bizkaia\/wp-json\/wp\/v2\/media?parent=20799"}],"curies":[{"name":"wp","href":"https:\/\/api.w.org\/{rel}","templated":true}]}}