{"id":4617,"date":"2016-07-09T10:11:17","date_gmt":"2016-07-09T10:11:17","guid":{"rendered":"http:\/\/www.cgt-lkn.org\/bizkaia\/gestamp\/?page_id=4617"},"modified":"2016-07-09T10:11:17","modified_gmt":"2016-07-09T10:11:17","slug":"si-denuncio-el-despido-cuando-podre-cobrar-el-paro","status":"publish","type":"page","link":"https:\/\/www.cgt-lkn.org\/bizkaia-gestamp\/recursos-laborales\/preguntas-frecuentes\/tu-contrato\/si-denuncio-el-despido-cuando-podre-cobrar-el-paro\/","title":{"rendered":"\u00bfSI DENUNCIO EL DESPIDO CUANDO PODR\u00c9 COBRAR EL PARO?"},"content":{"rendered":"<p>No hay ning\u00fan problema. Cuando se denuncia un despido, los d\u00edas limites para solicitar la prestaci\u00f3n por desempleo, se quedan en\u00a0 suspenso hasta que no termine y haya un acuerdo o una resoluci\u00f3n firme sobre el despido. En el momento de ser declarado el despido\u00a0\u00a0 procedente o improcedente, a partir de ese d\u00eda, comienzan a contar los 15 d\u00edas h\u00e1biles de plazo para solicitar el paro en las oficinas de\u00a0\u00a0\u00a0\u00a0\u00a0\u00a0 <i>LANBIDE.<\/i><\/p>\n<p><b>Finalizaci\u00f3n de contrato temporal<\/b><\/p>\n<p>La finalizaci\u00f3n de los contratos temporales trae consigo el pago por parte de la empresa de una indemnizaci\u00f3n consistente en 8 d\u00edas de \u00a0salario por a\u00f1o de servicio, En estos casos apenas podemos hablar de antig\u00fcedad (como consecuencia no existe por ejemplo un tope\u00a0\u00a0\u00a0 m\u00e1ximo de mensualidades prefijado, como s\u00ed ocurre en el caso del despido improcedente), ni de variables o beneficios sociales, ya que\u00a0 este tipo de retribuciones suelen ofrecerse en los contratos indefinidos.<\/p>\n<p>De este modo,\u00a0<b>el c\u00e1lculo se limita a 8 d\u00edas de salario por a\u00f1o trabajado o la parte proporcional si el periodo trabajado es inferior a un a\u00f1o<\/b>. Pongamos un\u00a0<b>ejemplo<\/b>. Dada una retribuci\u00f3n bruta de 1.000 euros al mes, una fecha de inicio del contrato de 1 Enero y de \u00a0finalizaci\u00f3n el 30 de Junio. En primer lugar habr\u00eda que hallar el salario diario, y para ello hay quien hace diferenciaciones entre salario\u00a0 diario y salario mensual, y hay quien no. Nosotros estamos en este segundo grupo (lo sentimos, no somos tan puristas), y esto por dos\u00a0\u00a0 razones: primero porque esa regla no existe realmente para el c\u00e1lculo de la indemnizaci\u00f3n (\u00bfd\u00f3nde est\u00e1?, \u00bfalguien la ha visto?), y segundo, porque las diferencias son \u00ednfimas, e incluso a veces inexistentes, y para este tipo de indemnizaciones, a\u00fan m\u00e1s. Bueno, hay una tercera: los c\u00e1lculos sencillos son maravillosos. As\u00ed que obtendr\u00edamos la indemnizaci\u00f3n a pagar en nuestro ejemplo de la siguiente forma: 1000\/30*180\/360*8 = 133,33\u20ac (o 130,42 considerando el salario como diario). Hay que recordar que\u00a0<b>esta indemnizaci\u00f3n \u00a0\u00a0<\/b><a href=\"http:\/\/piurl.com\/p\/Jkt\"><b>no cotiza a la SS pero, s\u00ed tributa<\/b><\/a><b> a hacienda.<\/b><\/p>\n<p>Tambi\u00e9n habr\u00eda que tener en cuenta la figura del <b>preaviso<\/b>.\u00a0<b>El empresario tiene obligaci\u00f3n de comunicar la finalizaci\u00f3n del contrato con 15 d\u00edas de antelaci\u00f3n en aquellos <\/b><b>cuya duraci\u00f3n sea superior a un a\u00f1o<\/b><b>, <\/b>lo que vendr\u00eda a afectar sobre todo a contratos por obra o servicio. Si la empresa no da el preaviso, est\u00e1 obligada a pagarlo, lo incluimos aqu\u00ed porque si bien el preaviso no es una indemnizaci\u00f3n,\u00a0 tiene un car\u00e1cter claramente compensatorio, y entrar\u00eda en el c\u00e1lculo del finiquito.<\/p>\n<blockquote class=\"wp-embedded-content\" data-secret=\"TSKiMLk8gU\"><p><a href=\"https:\/\/www.cgt-lkn.org\/bizkaia\/afiliate\">Afiliate<\/a><\/p><\/blockquote>\n<p><iframe loading=\"lazy\" class=\"wp-embedded-content\" sandbox=\"allow-scripts\" security=\"restricted\" style=\"position: absolute; clip: rect(1px, 1px, 1px, 1px);\" title=\"\u00abAfiliate\u00bb \u2014 CGT-LKN Bizkaia\" src=\"https:\/\/www.cgt-lkn.org\/bizkaia\/afiliate\/embed#?secret=TSKiMLk8gU\" data-secret=\"TSKiMLk8gU\" width=\"600\" height=\"338\" frameborder=\"0\" marginwidth=\"0\" marginheight=\"0\" scrolling=\"no\"><\/iframe><\/p>\n<p>&nbsp;<\/p>\n","protected":false},"excerpt":{"rendered":"<p>No hay ning\u00fan problema. Cuando se denuncia un despido, los d\u00edas limites para solicitar la prestaci\u00f3n por desempleo, se quedan<\/p>\n","protected":false},"author":72,"featured_media":0,"parent":4612,"menu_order":0,"comment_status":"closed","ping_status":"open","template":"","meta":{"footnotes":"","_links_to":"","_links_to_target":""},"class_list":["post-4617","page","type-page","status-publish","hentry"],"publishpress_future_action":{"enabled":false,"date":"2026-05-07 19:53:05","action":"change-status","newStatus":"draft","terms":[],"taxonomy":"","extraData":[]},"publishpress_future_workflow_manual_trigger":{"enabledWorkflows":[]},"_links":{"self":[{"href":"https:\/\/www.cgt-lkn.org\/bizkaia-gestamp\/wp-json\/wp\/v2\/pages\/4617","targetHints":{"allow":["GET"]}}],"collection":[{"href":"https:\/\/www.cgt-lkn.org\/bizkaia-gestamp\/wp-json\/wp\/v2\/pages"}],"about":[{"href":"https:\/\/www.cgt-lkn.org\/bizkaia-gestamp\/wp-json\/wp\/v2\/types\/page"}],"author":[{"embeddable":true,"href":"https:\/\/www.cgt-lkn.org\/bizkaia-gestamp\/wp-json\/wp\/v2\/users\/72"}],"replies":[{"embeddable":true,"href":"https:\/\/www.cgt-lkn.org\/bizkaia-gestamp\/wp-json\/wp\/v2\/comments?post=4617"}],"version-history":[{"count":1,"href":"https:\/\/www.cgt-lkn.org\/bizkaia-gestamp\/wp-json\/wp\/v2\/pages\/4617\/revisions"}],"predecessor-version":[{"id":4618,"href":"https:\/\/www.cgt-lkn.org\/bizkaia-gestamp\/wp-json\/wp\/v2\/pages\/4617\/revisions\/4618"}],"up":[{"embeddable":true,"href":"https:\/\/www.cgt-lkn.org\/bizkaia-gestamp\/wp-json\/wp\/v2\/pages\/4612"}],"wp:attachment":[{"href":"https:\/\/www.cgt-lkn.org\/bizkaia-gestamp\/wp-json\/wp\/v2\/media?parent=4617"}],"curies":[{"name":"wp","href":"https:\/\/api.w.org\/{rel}","templated":true}]}}