{"id":3079,"date":"2014-03-04T08:00:22","date_gmt":"2014-03-04T07:00:22","guid":{"rendered":"http:\/\/www.cgt-lkn.org\/bizkaia\/gestamp\/?page_id=3079"},"modified":"2023-12-12T18:16:36","modified_gmt":"2023-12-12T17:16:36","slug":"preguntas-frecuentes","status":"publish","type":"page","link":"https:\/\/www.cgt-lkn.org\/bizkaia-gestamp\/recursos-laborales\/preguntas-frecuentes\/","title":{"rendered":"Preguntas frecuentes"},"content":{"rendered":"<h2 class=\"entry-title page-title\" style=\"text-align: center;\"><a href=\"https:\/\/www.cgt-lkn.org\/bizkaia-gestamp\/preguntas-frecuentes\/que-pasa-si\/\">\u00bfQu\u00e9 pasa si\u2026<\/a><\/h2>\n<p><a href=\"https:\/\/www.cgt-lkn.org\/bizkaia-gestamp\/recursos-laborales\/preguntas-frecuentes\/que-pasa-si\/\"><img loading=\"lazy\" decoding=\"async\" class=\"size-full wp-image-9100 aligncenter\" src=\"https:\/\/www.cgt-lkn.org\/wp-content\/uploads\/sites\/20\/2023\/07\/preguntas-fecuentes-dudas-cgt-Gestamp.png\" alt=\"\" width=\"161\" height=\"126\" \/><\/a><\/p>\n<hr \/>\n<h3 class=\"entry-title page-title\" style=\"text-align: center;\"><a href=\"https:\/\/www.cgt-lkn.org\/bizkaia-gestamp\/preguntas-frecuentes\/horas-de-libre-disposicion\/\">Horas de libre disposici\u00f3n:<\/a><\/h3>\n<p><a href=\"https:\/\/www.cgt-lkn.org\/bizkaia-gestamp\/recursos-laborales\/horas-de-libre-disposicion\/\"><img loading=\"lazy\" decoding=\"async\" class=\"size-medium wp-image-3838 aligncenter\" src=\"https:\/\/www.cgt-lkn.org\/wp-content\/uploads\/sites\/20\/2015\/06\/CGT-Disfruta-de-tu-tiempo-libre-226x300.jpg\" alt=\"\" width=\"226\" height=\"300\" srcset=\"https:\/\/www.cgt-lkn.org\/bizkaia-gestamp\/wp-content\/uploads\/sites\/20\/2015\/06\/CGT-Disfruta-de-tu-tiempo-libre-226x300.jpg 226w, https:\/\/www.cgt-lkn.org\/bizkaia-gestamp\/wp-content\/uploads\/sites\/20\/2015\/06\/CGT-Disfruta-de-tu-tiempo-libre-113x150.jpg 113w, https:\/\/www.cgt-lkn.org\/bizkaia-gestamp\/wp-content\/uploads\/sites\/20\/2015\/06\/CGT-Disfruta-de-tu-tiempo-libre-400x531.jpg 400w, https:\/\/www.cgt-lkn.org\/bizkaia-gestamp\/wp-content\/uploads\/sites\/20\/2015\/06\/CGT-Disfruta-de-tu-tiempo-libre.jpg 602w\" sizes=\"auto, (max-width: 226px) 100vw, 226px\" \/><\/a><\/p>\n<ul>\n<li>\n<h3 class=\"entry-title page-title\" style=\"text-align: center;\"><a href=\"https:\/\/www.cgt-lkn.org\/bizkaia-gestamp\/preguntas-frecuentes\/horas-de-libre-disposicion\/calculo-horas-de-libre-disposicion\/\">C\u00e1lculo horas de libre disposici\u00f3n<\/a><\/h3>\n<\/li>\n<\/ul>\n<hr \/>\n<h2 class=\"entry-title page-title\" style=\"text-align: center;\"><a href=\"https:\/\/www.cgt-lkn.org\/bizkaia-gestamp\/preguntas-frecuentes\/incapacidad-temporal-baja\/\">INCAPACIDAD TEMPORAL (Baja)<\/a><\/h2>\n<p style=\"text-align: center;\"><a href=\"https:\/\/www.cgt-lkn.org\/bizkaia-gestamp\/2012\/09\/26\/incapacidad-temporal-baja-baja-por-enfermedad-comun-te-la-da-el-o-la-medico-de-cabecera\/\"><img loading=\"lazy\" decoding=\"async\" class=\"alignnone size-medium wp-image-9101\" src=\"https:\/\/www.cgt-lkn.org\/wp-content\/uploads\/sites\/20\/2023\/07\/baja-It-accidente-de-trabajo-CGt-gestamp-188x300.jpg\" alt=\"\" width=\"188\" height=\"300\" srcset=\"https:\/\/www.cgt-lkn.org\/bizkaia-gestamp\/wp-content\/uploads\/sites\/20\/2023\/07\/baja-It-accidente-de-trabajo-CGt-gestamp-188x300.jpg 188w, https:\/\/www.cgt-lkn.org\/bizkaia-gestamp\/wp-content\/uploads\/sites\/20\/2023\/07\/baja-It-accidente-de-trabajo-CGt-gestamp.jpg 501w\" sizes=\"auto, (max-width: 188px) 100vw, 188px\" \/><\/a><\/p>\n<h1 class=\"entry-title page-title\" style=\"text-align: center;\"><a href=\"https:\/\/www.cgt-lkn.org\/bizkaia-gestamp\/preguntas-frecuentes\/mutuas\/\">Mutuas<\/a><\/h1>\n<p style=\"text-align: center;\"><a href=\"https:\/\/www.cgt-lkn.org\/bizkaia\/archivos\/2368\"><img loading=\"lazy\" decoding=\"async\" class=\"alignnone size-full wp-image-46\" src=\"https:\/\/www.cgt-lkn.org\/wp-content\/uploads\/sites\/20\/2011\/12\/mutuas.png\" alt=\"\" width=\"269\" height=\"187\" \/><\/a><\/p>\n<hr \/>\n<h2 class=\"entry-title page-title\" style=\"text-align: center;\"><a href=\"https:\/\/www.cgt-lkn.org\/bizkaia-gestamp\/preguntas-frecuentes\/limpieza-de-ropa\/\">Limpieza de Ropa<\/a><\/h2>\n<p style=\"text-align: center;\"><a href=\"https:\/\/www.cgt-lkn.org\/bizkaia-gestamp\/2016\/12\/24\/limpieza-de-ropa\/\"><img loading=\"lazy\" decoding=\"async\" class=\"alignnone wp-image-9102\" src=\"https:\/\/www.cgt-lkn.org\/wp-content\/uploads\/sites\/20\/2023\/07\/camiseta-gestamp-bizkaia-CGT-limpieza-de-ropa-251x300.jpg\" alt=\"\" width=\"226\" height=\"270\" srcset=\"https:\/\/www.cgt-lkn.org\/bizkaia-gestamp\/wp-content\/uploads\/sites\/20\/2023\/07\/camiseta-gestamp-bizkaia-CGT-limpieza-de-ropa-251x300.jpg 251w, https:\/\/www.cgt-lkn.org\/bizkaia-gestamp\/wp-content\/uploads\/sites\/20\/2023\/07\/camiseta-gestamp-bizkaia-CGT-limpieza-de-ropa.jpg 600w\" sizes=\"auto, (max-width: 226px) 100vw, 226px\" \/><\/a><\/p>\n<p>&nbsp;<\/p>\n<hr \/>\n<h2 class=\"entry-title page-title\" style=\"text-align: center;\"><a href=\"https:\/\/www.cgt-lkn.org\/bizkaia-gestamp\/convenio\/permisos-retribuidos\/\">Permisos Retribuidos<\/a><\/h2>\n<p style=\"text-align: center;\"><a href=\"https:\/\/www.cgt-lkn.org\/bizkaia-gestamp\/recursos-laborales\/permisos-retribuidos\/\"><img loading=\"lazy\" decoding=\"async\" class=\"alignnone size-full wp-image-6740\" src=\"https:\/\/www.cgt-lkn.org\/wp-content\/uploads\/sites\/20\/2020\/02\/permisos-retribuidos.jpg\" alt=\"\" width=\"288\" height=\"175\" srcset=\"https:\/\/www.cgt-lkn.org\/bizkaia-gestamp\/wp-content\/uploads\/sites\/20\/2020\/02\/permisos-retribuidos.jpg 288w, https:\/\/www.cgt-lkn.org\/bizkaia-gestamp\/wp-content\/uploads\/sites\/20\/2020\/02\/permisos-retribuidos-150x91.jpg 150w\" sizes=\"auto, (max-width: 288px) 100vw, 288px\" \/><\/a><\/p>\n<hr \/>\n<h2 class=\"entry-title page-title\" style=\"text-align: center;\"><a href=\"https:\/\/www.cgt-lkn.org\/bizkaia-gestamp\/preguntas-frecuentes\/tu-contrato\/\">TU CONTRATO<\/a><\/h2>\n<p style=\"text-align: center;\"><a href=\"https:\/\/www.cgt-lkn.org\/bizkaia-gestamp\/recursos-laborales\/preguntas-frecuentes\/tu-contrato\/\"><img loading=\"lazy\" decoding=\"async\" class=\"alignnone size-medium wp-image-4613\" src=\"https:\/\/www.cgt-lkn.org\/wp-content\/uploads\/sites\/20\/2016\/07\/Despido-o-fin-de-contrato-CGT-300x239.png\" alt=\"\" width=\"300\" height=\"239\" srcset=\"https:\/\/www.cgt-lkn.org\/bizkaia-gestamp\/wp-content\/uploads\/sites\/20\/2016\/07\/Despido-o-fin-de-contrato-CGT-300x239.png 300w, https:\/\/www.cgt-lkn.org\/bizkaia-gestamp\/wp-content\/uploads\/sites\/20\/2016\/07\/Despido-o-fin-de-contrato-CGT-150x120.png 150w, https:\/\/www.cgt-lkn.org\/bizkaia-gestamp\/wp-content\/uploads\/sites\/20\/2016\/07\/Despido-o-fin-de-contrato-CGT-400x319.png 400w, https:\/\/www.cgt-lkn.org\/bizkaia-gestamp\/wp-content\/uploads\/sites\/20\/2016\/07\/Despido-o-fin-de-contrato-CGT.png 405w\" sizes=\"auto, (max-width: 300px) 100vw, 300px\" \/><\/a><\/p>\n<hr \/>\n<h2 class=\"entry-title page-title\" style=\"text-align: center;\"><a href=\"https:\/\/www.cgt-lkn.org\/bizkaia-gestamp\/preguntas-frecuentes\/que-hacer-ante-un-despido-o-fin-de-contrato\/\">\u00bf QUE HACER ANTE UN DESPIDO O FIN DE CONTRATO<\/a>?<\/h2>\n<p><a href=\"https:\/\/www.cgt-lkn.org\/bizkaia-gestamp\/recursos-laborales\/preguntas-frecuentes\/que-hacer-ante-un-despido-o-fin-de-contrato\/\"><img loading=\"lazy\" decoding=\"async\" class=\" wp-image-9212 aligncenter\" src=\"https:\/\/www.cgt-lkn.org\/wp-content\/uploads\/sites\/20\/2023\/09\/despido-fin-contrato.jpg\" alt=\"\" width=\"336\" height=\"255\" \/><\/a><\/p>\n<ul>\n<li>\n<h3 class=\"entry-title page-title\"><a href=\"https:\/\/www.cgt-lkn.org\/bizkaia-gestamp\/preguntas-frecuentes\/tu-contrato\/que-despido-es-improcedente\/\">\u00bfQUE DESPIDO ES IMPROCEDENTE?<\/a><\/h3>\n<\/li>\n<li>\n<h3 class=\"entry-title page-title\"><a href=\"https:\/\/www.cgt-lkn.org\/bizkaia-gestamp\/preguntas-frecuentes\/tu-contrato\/si-denuncio-el-despido-cuando-podre-cobrar-el-paro\/\">\u00bfSI DENUNCIO EL DESPIDO CUANDO PODR\u00c9 COBRAR EL PARO?<\/a><\/h3>\n<\/li>\n<\/ul>\n<p>&nbsp;<\/p>\n<p style=\"text-align: center;\"><strong>Para recibir las noticias \u00fanete a nuestro<\/strong><\/p>\n<p style=\"text-align: center;\"><strong>canal de\u00a0<a href=\"https:\/\/t.me\/CGTGestampBizkaia\">Telegram\u00a0<\/a>\u00a0<a href=\"https:\/\/t.me\/CGTGestampBizkaia\">Berriak CGT-LKN Gestamp Bizkaia\u00a0<\/a><\/strong><\/p>\n<p><a href=\"https:\/\/t.me\/CGTGestampBizkaia\"><img loading=\"lazy\" decoding=\"async\" class=\"aligncenter wp-image-7155 size-medium\" src=\"https:\/\/www.cgt-lkn.org\/wp-content\/uploads\/sites\/20\/2020\/08\/canal-telegram-300x169.jpg\" sizes=\"auto, (max-width: 300px) 100vw, 300px\" srcset=\"https:\/\/www.cgt-lkn.org\/wp-content\/uploads\/sites\/20\/2020\/08\/canal-telegram-300x169.jpg 300w, https:\/\/www.cgt-lkn.org\/wp-content\/uploads\/sites\/20\/2020\/08\/canal-telegram-150x85.jpg 150w, https:\/\/www.cgt-lkn.org\/wp-content\/uploads\/sites\/20\/2020\/08\/canal-telegram-400x225.jpg 400w, https:\/\/www.cgt-lkn.org\/wp-content\/uploads\/sites\/20\/2020\/08\/canal-telegram.jpg 600w\" alt=\"\" width=\"300\" height=\"169\" \/><\/a><\/p>\n<p style=\"text-align: center;\"><strong>Para recibir las noticias\u00a0<\/strong><strong>\u00a0<a href=\"mailto:gestamp@cgt-lkn.eus\">gestamp@cgt-lkn.eus<\/a>\u00a0<\/strong>escribenos<\/p>\n<p style=\"text-align: center;\">y te a\u00f1adimos a la lista\u00a0<strong>oculta<\/strong>\u00a0de correos<\/p>\n<div class=\"post-headline\">\n<p><a href=\"https:\/\/www.cgt-lkn.org\/bizkaia-gestamp\/contacto\/gestamp@cgt-lkn.eus\"><img loading=\"lazy\" decoding=\"async\" class=\"wp-image-9174 aligncenter\" src=\"https:\/\/www.cgt-lkn.org\/wp-content\/uploads\/sites\/20\/2023\/09\/correo-email.jpg\" alt=\"\" width=\"189\" height=\"170\" \/><\/a><\/p>\n<\/div>\n<p><a href=\"https:\/\/www.cgt-lkn.org\/afiliar\/public\/#!\/\" target=\"_blank\" rel=\"noopener\"><img loading=\"lazy\" decoding=\"async\" class=\"aligncenter wp-image-21117 size-medium\" src=\"https:\/\/www.cgt-lkn.org\/wp-content\/uploads\/2021\/04\/herramienta-navaja-CGT-afiliate-212x300.jpg\" alt=\"\" width=\"212\" height=\"300\" \/><br \/>\n<\/a><\/p>\n<p><strong>\u00a0<\/strong><\/p>\n<p>&nbsp;<\/p>\n<p>&nbsp;<\/p>\n","protected":false},"excerpt":{"rendered":"<p>\u00bfQu\u00e9 pasa si\u2026 Horas de libre disposici\u00f3n: C\u00e1lculo horas de libre disposici\u00f3n INCAPACIDAD TEMPORAL (Baja) Mutuas Limpieza de Ropa &nbsp;<\/p>\n","protected":false},"author":72,"featured_media":0,"parent":8896,"menu_order":11,"comment_status":"closed","ping_status":"open","template":"","meta":{"footnotes":"","_links_to":"","_links_to_target":""},"class_list":["post-3079","page","type-page","status-publish","hentry"],"publishpress_future_action":{"enabled":false,"date":"2026-05-07 19:37:13","action":"change-status","newStatus":"draft","terms":[],"taxonomy":"","extraData":[]},"publishpress_future_workflow_manual_trigger":{"enabledWorkflows":[]},"_links":{"self":[{"href":"https:\/\/www.cgt-lkn.org\/bizkaia-gestamp\/wp-json\/wp\/v2\/pages\/3079","targetHints":{"allow":["GET"]}}],"collection":[{"href":"https:\/\/www.cgt-lkn.org\/bizkaia-gestamp\/wp-json\/wp\/v2\/pages"}],"about":[{"href":"https:\/\/www.cgt-lkn.org\/bizkaia-gestamp\/wp-json\/wp\/v2\/types\/page"}],"author":[{"embeddable":true,"href":"https:\/\/www.cgt-lkn.org\/bizkaia-gestamp\/wp-json\/wp\/v2\/users\/72"}],"replies":[{"embeddable":true,"href":"https:\/\/www.cgt-lkn.org\/bizkaia-gestamp\/wp-json\/wp\/v2\/comments?post=3079"}],"version-history":[{"count":9,"href":"https:\/\/www.cgt-lkn.org\/bizkaia-gestamp\/wp-json\/wp\/v2\/pages\/3079\/revisions"}],"predecessor-version":[{"id":9359,"href":"https:\/\/www.cgt-lkn.org\/bizkaia-gestamp\/wp-json\/wp\/v2\/pages\/3079\/revisions\/9359"}],"up":[{"embeddable":true,"href":"https:\/\/www.cgt-lkn.org\/bizkaia-gestamp\/wp-json\/wp\/v2\/pages\/8896"}],"wp:attachment":[{"href":"https:\/\/www.cgt-lkn.org\/bizkaia-gestamp\/wp-json\/wp\/v2\/media?parent=3079"}],"curies":[{"name":"wp","href":"https:\/\/api.w.org\/{rel}","templated":true}]}}