{"id":1677,"date":"2013-01-30T19:19:13","date_gmt":"2013-01-30T18:19:13","guid":{"rendered":"http:\/\/www.cgt-lkn.org\/bizkaia\/estampa\/?page_id=1677"},"modified":"2024-11-10T10:14:16","modified_gmt":"2024-11-10T09:14:16","slug":"propuestas-e-ideas-3","status":"publish","type":"page","link":"https:\/\/www.cgt-lkn.org\/bizkaia-gestamp\/propuestas-e-ideas-3\/","title":{"rendered":"Propuestas e Ideas"},"content":{"rendered":"<h2 style=\"text-align: center;\"><strong><a href=\"https:\/\/www.cgt-lkn.org\/bizkaia-gestamp\/2024\/11\/10\/propuesta-a-los-presupuestos-reurbanizacion-poligono-industrial-de-lebario\/\" rel=\"bookmark\">PROPUESTA A LOS PRESUPUESTOS REURBANIZACI\u00d3N POL\u00cdGONO INDUSTRIAL DE LEBARIO<\/a><\/strong><\/h2>\n<p style=\"text-align: center;\"><a href=\"https:\/\/www.cgt-lkn.org\/wp-content\/uploads\/sites\/20\/2024\/11\/Propuestas-mejoras-poligono-Lebario-Y-ACCESOS-DESDE-EITUA-BERRIZ-TRANA-MATIENA-Y-ASTOLA-CGT-LKN-.pdf\"><strong>VER\u00a0propuestas\u00a0EN PDF<\/strong><\/a><\/p>\n<h2><a href=\"https:\/\/www.cgt-lkn.org\/wp-content\/uploads\/sites\/20\/2024\/11\/Propuestas-mejoras-poligono-Lebario-Y-ACCESOS-DESDE-EITUA-BERRIZ-TRANA-MATIENA-Y-ASTOLA-CGT-LKN-.pdf\"><img loading=\"lazy\" decoding=\"async\" class=\" wp-image-9657 aligncenter\" src=\"https:\/\/www.cgt-lkn.org\/wp-content\/uploads\/sites\/20\/2024\/11\/propuestas-mejoras-poligono-lebario-CGT-1-238x300.jpg\" alt=\"\" width=\"345\" height=\"435\" srcset=\"https:\/\/www.cgt-lkn.org\/bizkaia-gestamp\/wp-content\/uploads\/sites\/20\/2024\/11\/propuestas-mejoras-poligono-lebario-CGT-1-238x300.jpg 238w, https:\/\/www.cgt-lkn.org\/bizkaia-gestamp\/wp-content\/uploads\/sites\/20\/2024\/11\/propuestas-mejoras-poligono-lebario-CGT-1.jpg 600w\" sizes=\"auto, (max-width: 345px) 100vw, 345px\" \/><\/a><\/h2>\n<h1 style=\"text-align: left;\"><span style=\"font-size: 14pt; color: #ff0000;\"><a style=\"color: #ff0000;\" href=\"https:\/\/www.cgt-lkn.org\/bizkaia-gestamp\/category\/salud-laboral\/propuestas-e-ideas\/\" target=\"_blank\" rel=\"noopener noreferrer\"><span style=\"text-decoration: underline;\"><span style=\"line-height: 1.5em;\">SEGURIDAD Y SALUD<\/span><\/span><\/a><\/span><\/h1>\n<h1><a href=\"https:\/\/www.cgt-lkn.org\/bizkaia-gestamp\/category\/salud-laboral\/propuestas-e-ideas\/\"><img loading=\"lazy\" decoding=\"async\" class=\"aligncenter size-full wp-image-6531\" src=\"https:\/\/www.cgt-lkn.org\/wp-content\/uploads\/sites\/20\/2019\/08\/salud-laboral-cgt.png\" alt=\"\" width=\"216\" height=\"233\" srcset=\"https:\/\/www.cgt-lkn.org\/bizkaia-gestamp\/wp-content\/uploads\/sites\/20\/2019\/08\/salud-laboral-cgt.png 216w, https:\/\/www.cgt-lkn.org\/bizkaia-gestamp\/wp-content\/uploads\/sites\/20\/2019\/08\/salud-laboral-cgt-139x150.png 139w\" sizes=\"auto, (max-width: 216px) 100vw, 216px\" \/><\/a><\/h1>\n<hr \/>\n<h1 style=\"text-align: left;\"><span style=\"font-size: 14pt; color: #000000;\"><a style=\"color: #000000;\" href=\"https:\/\/www.cgt-lkn.org\/bizkaia-gestamp\/2018\/09\/22\/propuestas-e-ideas-de-cgt-para-los-planes-de-inversion\/\" target=\"_blank\" rel=\"noopener noreferrer\">PLANES DE INVERSI\u00d3N<\/a><\/span><\/h1>\n<h1 style=\"text-align: center;\"><span style=\"font-size: 14pt; color: #ff0000;\"><a href=\"https:\/\/www.cgt-lkn.org\/bizkaia-gestamp\/2018\/09\/22\/propuestas-e-ideas-de-cgt-para-los-planes-de-inversion\/\"><img loading=\"lazy\" decoding=\"async\" class=\"aligncenter size-full wp-image-8478\" src=\"https:\/\/www.cgt-lkn.org\/wp-content\/uploads\/sites\/20\/2022\/02\/plan-de-inversion-mejoras-1.jpg\" alt=\"\" width=\"355\" height=\"142\" srcset=\"https:\/\/www.cgt-lkn.org\/bizkaia-gestamp\/wp-content\/uploads\/sites\/20\/2022\/02\/plan-de-inversion-mejoras-1.jpg 355w, https:\/\/www.cgt-lkn.org\/bizkaia-gestamp\/wp-content\/uploads\/sites\/20\/2022\/02\/plan-de-inversion-mejoras-1-300x120.jpg 300w\" sizes=\"auto, (max-width: 355px) 100vw, 355px\" \/><\/a><\/span><\/h1>\n<hr \/>\n<p><strong><span style=\"font-size: 14pt; color: #ff0000;\"><a style=\"color: #ff0000;\" href=\"https:\/\/www.cgt-lkn.org\/wp-content\/uploads\/sites\/20\/2023\/09\/Ideas-para-convenio-CGT-Gestamp.pdf\" target=\"_blank\" rel=\"noopener noreferrer\">CONVENIO<\/a><\/span><\/strong><\/p>\n<p><a href=\"https:\/\/www.cgt-lkn.org\/wp-content\/uploads\/sites\/20\/2023\/09\/Ideas-para-convenio-CGT-Gestamp.pdf\"><img loading=\"lazy\" decoding=\"async\" class=\"aligncenter wp-image-3099\" src=\"https:\/\/www.cgt-lkn.org\/wp-content\/uploads\/sites\/20\/2011\/12\/convenio.jpg\" alt=\"\" width=\"393\" height=\"393\" srcset=\"https:\/\/www.cgt-lkn.org\/bizkaia-gestamp\/wp-content\/uploads\/sites\/20\/2011\/12\/convenio.jpg 480w, https:\/\/www.cgt-lkn.org\/bizkaia-gestamp\/wp-content\/uploads\/sites\/20\/2011\/12\/convenio-150x150.jpg 150w, https:\/\/www.cgt-lkn.org\/bizkaia-gestamp\/wp-content\/uploads\/sites\/20\/2011\/12\/convenio-300x300.jpg 300w, https:\/\/www.cgt-lkn.org\/bizkaia-gestamp\/wp-content\/uploads\/sites\/20\/2011\/12\/convenio-400x400.jpg 400w\" sizes=\"auto, (max-width: 393px) 100vw, 393px\" \/><\/a><\/p>\n<hr \/>\n<h1 style=\"text-align: center;\"><a href=\"https:\/\/www.cgt-lkn.org\/bizkaia-gestamp\/2019\/09\/22\/mas-ideas-que-hemos-propuesto-a-la-empresa\/\">M\u00c1S IDEAS Y PROPUESTAS<\/a><\/h1>\n<p style=\"text-align: center;\"><a href=\"https:\/\/www.cgt-lkn.org\/bizkaia-gestamp\/2019\/09\/22\/mas-ideas-que-hemos-propuesto-a-la-empresa\/\"><img loading=\"lazy\" decoding=\"async\" class=\"alignnone wp-image-9265\" src=\"https:\/\/www.cgt-lkn.org\/wp-content\/uploads\/sites\/20\/2023\/09\/PROPUESTAS-E-IDEAS-300x140.jpg\" alt=\"\" width=\"366\" height=\"171\" srcset=\"https:\/\/www.cgt-lkn.org\/bizkaia-gestamp\/wp-content\/uploads\/sites\/20\/2023\/09\/PROPUESTAS-E-IDEAS-300x140.jpg 300w, https:\/\/www.cgt-lkn.org\/bizkaia-gestamp\/wp-content\/uploads\/sites\/20\/2023\/09\/PROPUESTAS-E-IDEAS.jpg 432w\" sizes=\"auto, (max-width: 366px) 100vw, 366px\" \/><\/a><\/p>\n<p>&nbsp;<\/p>\n<p><strong><span style=\"font-size: 14pt; color: #000000;\"><a style=\"color: #000000;\" href=\"https:\/\/www.cgt-lkn.org\/bizkaia-gestamp\/propuestas-e-ideas-3\/varios\/\" target=\"_blank\" rel=\"noopener noreferrer\">OTRAS PROPUESTAS E IDEAS que se han presentado dese CGT-LKN a la empresa.<\/a><\/span><\/strong><\/p>\n<h3><span style=\"text-decoration: underline;\"><span style=\"color: #339966; text-decoration: underline;\"><strong>Limpieza de ropa sea de c\u00f3mputo anual:<\/strong><\/span><\/span><\/h3>\n<p>Actualmente hay un n\u00famero determinado de limpiezas de ropas al mes por trabajador\/a, pero hay meses en los que sobran limpiezas y otros en los que pueden faltar.<\/p>\n<p>Se ha dado alguna situaci\u00f3n en la que el trabajador\/a a mandado a limpiar la ropa a final de mes y \u00e9sta ha entrado en el siguiente mes sin ser \u00e9l o ella consciente de que \u00a0ese mes ha superado el n\u00famero de\u00a0 limpiezas estipulado para ese mes y se le ha cobrado.<\/p>\n<p>Lo que solicitamos es que si al a\u00f1o hay un total de X n\u00famero de limpiezas de ropa, que esta no sea mes a mes, sino que se vayan descontando de un <strong>computo anual<\/strong> hasta llegar a ese n\u00famero y a partir de ah\u00ed se le cobrar\u00eda al trabajador\/a.<\/p>\n<p>Pensamos que esta medida es razonable tanto para el trabajador\/a, \u00a0porque puede gestionar libremente la limpieza de ropa, como para la empresa, porque todas las limpiezas que no se realicen se ahorrar\u00edan y posiblemente la gesti\u00f3n de la limpieza de ropa por parte del departamento de RRHH sea m\u00e1s sencilla.<\/p>\n<h2><span style=\"text-decoration: underline;\"><strong>Cambios en l\u00edneas de estampaci\u00f3n.\u00a0<\/strong><\/span><\/h2>\n<p>Se podr\u00eda programar los Sicks de barrido del suelo entre la prensas de todas las c\u00e9lulas de modo que permitan bajar cada m\u00e1quina r\u00e1pidamente en el cambio pero con la condici\u00f3n de que ambos Sicks de cada lado de la m\u00e1quina al cambiar est\u00e9n en verde, de este modo s\u00f3lo bajar\u00eda la m\u00e1quina en el caso de que dichas c\u00e9lulas est\u00e9n sin presencia de personal. Estas detecciones de los dos Sicks se introducir\u00edan como se\u00f1ales de entrada en el aut\u00f3mata de la prensa y ser\u00edan necesarias para la bajada de la m\u00e1quina en r\u00e1pido, de no darse estas condiciones no bajar\u00eda la m\u00e1quina al igual que no se podr\u00eda rearmar la c\u00e9lula.<\/p>\n<h3><span style=\"color: #000000;\"><strong><a style=\"color: #000000; text-decoration: underline;\" title=\"INFORME FOSOS\" href=\"https:\/\/www.cgt-lkn.org\/wp-content\/uploads\/sites\/20\/2013\/11\/INFORME-FOSOS-web.pdf\" target=\"_blank\" rel=\"noopener noreferrer\">FOSOS.<\/a><\/strong><\/span><\/h3>\n<p>La secci\u00f3n sindical de CGT-LKN en Gestamp Bizkaia hemos hecho entrega por escrito del informe\u00a0sobre deficiencias observadas en los fosos y la empaquetadora de\u00a0chatarra que pod\u00e9is ver en\u00a0<strong><a title=\"INFORME FOSOS\" href=\"https:\/\/www.cgt-lkn.org\/wp-content\/uploads\/sites\/20\/2013\/11\/INFORME-FOSOS-web.pdf\" target=\"_blank\" rel=\"noopener noreferrer\">INFORME FOSOS pdf.<\/a><\/strong><\/p>\n<div>\n<p>Con dicho documento queremos denunciar el mal estado de los fosos y la\u00a0empaquetadora,\u00a0 esperando que se tomen lo antes posible medidas correctoras para evitar accidentes.<\/p>\n<h3><span style=\"color: #000000; font-size: 2.4em; line-height: 1.5em;\"><strong><span style=\"font-size: 20px;\">Bideori:<\/span><\/strong>\u00a0<\/span><\/h3>\n<p><span style=\"line-height: 26.666667938232422px;\">Con este informe pretendemos mejorar los Bide-horis existentes en la planta, mostrando algunos de sus defectos y proponiendo mejoras para fomentar su uso. Creemos conveniente adecuar los bide-horis para que tengan unas condiciones \u00f3ptimas y una l\u00f3gica que favorezca su uso.\u00a0A continuaci\u00f3n se detallan algunas propuestas y defectos que hemos observado en los trazados de los bide-horis. \u00a0\u00a0<\/span><a style=\"line-height: 26.666667938232422px;\" href=\"https:\/\/www.cgt-lkn.org\/wp-content\/uploads\/sites\/20\/2013\/02\/Informe-bide-hori.pdf\" target=\"_blank\" rel=\"noopener noreferrer\">VER INFORME pdf.<\/a><\/p>\n<p><b>COMUNICACI\u00d3N TRABAJADOR-EMPRESA<\/b><b>MEDIANTE OUT-LOOK EXPRESS \u00a0 \u00a0 \u00a0 \u00a0 \u00a0 \u00a0 \u00a0 \u00a0 \u00a0 \u00a0<\/b>Mediante \u00e9ste texto se pretende dar a conocer otra forma de comunicaci\u00f3n entre el\/la trabajadora fuera de la empresa y la empresa buscando ser lo m\u00e1s c\u00f3moda y fiable para ambos.<\/p>\n<p>En la actualidad cuando cualquier trabajador\/a ha de comunicar una futura falta de asistencia en su trabajo por alg\u00fan motivo (disfrute de horas de libre disposici\u00f3n, permisos retribuidos, baja m\u00e9dica, etc\u2026) o ha de comunicar cualquier otra cuesti\u00f3n estando fuera de su puesto y horarios laboral el\/la trabajadora recurre a la tradicional llamada al n\u00famero de tel\u00e9fono de la empresa para que te pasen con la persona buscada o si se llama fuera del horario de recepci\u00f3n-centralita se desv\u00eda la recepci\u00f3n de llamadas a porter\u00eda y desde ah\u00ed se hace lo posible para hacer llegar el mensaje a la persona destinataria.\u00a0(La idea completa en:\u00a0<a href=\"https:\/\/www.cgt-lkn.org\/wp-content\/uploads\/sites\/20\/2015\/10\/Fanzine-CGesT%E2%92%B6-mp-n%C2%BA-48-TERROR-EN-ESTANCA.pdf\" target=\"_blank\" rel=\"noopener noreferrer\">Fanzine CGesTamp n\u00ba 48-TERROR-EN-ESTANCA<\/a>)<\/p>\n<p>&nbsp;<\/p>\n<h3><strong>Vestuarios.<\/strong><\/h3>\n<p>Hay personas mayores y no tan mayores con dolencias y enfermedades en las rodillas, hernias etc.. y est\u00e1n obligadas a subir las escaleras para ir a vestuarios, mientras que en los vestuarios de abajo se cambia otra gente.<\/p>\n<p>Nos transmiten la idea de que se les cambie de vestuario a todas estas personas para no hacerlas sufrir m\u00e1s de lo debido y prevenir posibles problemas.<\/p>\n<p>&nbsp;<\/p>\n<h3><span style=\"color: #ff0000;\"><span style=\"color: #000000;\"><strong>PARKING<\/strong><\/span>:<\/span><\/h3>\n<p>Crear un sistema de incentivos, para el uso del trasporte publico. Un incentivo podr\u00eda ser el reembolsar total o parcialmente el abono de transportes p\u00fablicos a aquell@s trabajadorxs que renuncien\u00a0 a utilizar el coche para venir al tajo.<\/p>\n<p>Con ello se pretende descongestionar el aparcamiento y reducir la contaminaci\u00f3n.<\/p>\n<p>&nbsp;<\/p>\n<h3><span style=\"color: #000000;\"><strong>HORAS SINDICALES: <\/strong><\/span><\/h3>\n<p><span style=\"text-decoration: underline; color: #000000;\"><strong>QUE LAS HORAS SINDICALES DE CADA SECCI\u00d3N SE PUEDA REPARTIR ENTRE L@S AFILIAD@S PARA TRABAJO SINDICAL:<\/strong><\/span><\/p>\n<p>Con esta propuesta pretendemos que las personas que quieran participar en la secci\u00f3n vayan cogiendo experiencia, para que cuando llegue el momento estas puedan incorporarse a la Secci\u00f3n.<\/p>\n<p>Con ello se fomenta <strong>la rotaci\u00f3n de las personas<\/strong> en las Secciones y se evita la \u201ccorruptela\u201d de los delegados, a falta de delegadas, <strong>evitando que haya una casta sindical<\/strong>, ya que nadie es imprescindible.<\/p>\n<p>&nbsp;<\/p>\n<h3><span style=\"color: #000000;\"><strong>Salida al medico.<\/strong><\/span><\/h3>\n<p><span style=\"text-decoration: underline; color: #000000;\"><strong>Si trabajas de noche <\/strong><\/span>y a la ma\u00f1ana siguiente tienes que acompa\u00f1ar a alg\u00fan familiar o ir t\u00fa al m\u00e9dico podr\u00e1s disponer de las 16 horas de m\u00e9dico de cabecera para poder salir antes del trabajo.<\/p>\n<p>&nbsp;<\/p>\n<h3><span style=\"text-decoration: underline;\"><span style=\"color: #000000; text-decoration: underline;\"><strong>Servicio de lavander\u00eda<\/strong><\/span><\/span><span style=\"color: #000000;\"><strong>.\u00a0 <\/strong><\/span><span style=\"color: #ff0000;\"><strong>Conseguido!!!!<\/strong><\/span><\/h3>\n<p>&nbsp;<\/p>\n<h3><strong>Fichaje<\/strong>:<\/h3>\n<p>Dada la alta polivalencia que sufrimos, que se pueda fichar en todos los relojes.<\/p>\n<h3><span style=\"text-decoration: underline;\"><strong>Cursillos fuera de horario.<\/strong><\/span><\/h3>\n<p>Los cursos de formaci\u00f3n deber\u00edan de ser dentro de la jornada de trabajo pero si \u00a0no se puede deber\u00edan de organizarse los cursos teniendo en cuenta a\u00a0 las personas \u00a0y no ver tu nombre en un papel con una fecha, hora y a correr.<\/p>\n<p>En m\u00e1s de una ocasi\u00f3n se ha dicho a la empresa que antes de organizar los cursos deber\u00eda de <strong>hacer una \u00abencuesta\u00bb<\/strong> o preguntar \u00a0a las personas que se han apuntado y a las que \u00a0van ha dar el cursillo sobre que horario y turno que les causa menos molestias y con los resultados intentar minimizar molestias.<\/p>\n<p>&nbsp;<\/p>\n<h3><strong>RECOGIDA DE IDEAS POR PARTE DE LA EMPRESA<\/strong>.<\/h3>\n<p>En diferentes factor\u00edas de automoci\u00f3n existen protocolos al respecto, he aqu\u00ed algunos ejemplo:<\/p>\n<p><strong>Opel Espa\u00f1a\u00a0<\/strong> tiene implantado un plan de sugerencias, disponiendo de un equipo encargado de evaluarlas a nivel individual o bien lo hacen los coordinadores. Se da un 20% del ahorro que genere la idea a quien lo aporte, con un importe m\u00e1ximo de 12.000 euros<\/p>\n<p><strong>Mercedes <\/strong>recoge cualquier \u00e1mbito susceptible de mejora. Dispone de diferentes niveles de premios para las que se implantan. Las ideas pueden realizarse de forma individual o colectiva. Las propuestas presentadas como ideas las eval\u00faa un experto del \u00e1rea a quien afecta. Por ejemplo, si la idea afecta al \u00e1rea de planificaci\u00f3n de la l\u00ednea de producci\u00f3n, el experto de la misma determinar\u00e1 si la propuesta se rechaza o no.<\/p>\n<p>Se recogen tanto las mejoras cuantificables como las no cuantificables, como puede ser, colocar un paso de cebra en un lugar determinado para mejorar la seguridad del personal. Hay establecido un sistema de puntos, lo que permite acceder a premios en dinero, merchandising, alquileres de veh\u00edculos Mercedes, cenas o comidas.<\/p>\n<p>En las cuantificables se reparte a la persona o grupo de personas que proponen la sugerencia un 20% del ahorro que genere de forma anual y adem\u00e1s, un 10% del ahorro ir\u00e1 a una bolsa de ayuda que es gestionada por los sindicatos. El importe m\u00e1ximo al que se puede acceder es de 60.000 euros.<\/p>\n<p>&nbsp;<\/p>\n<h3><strong>Permisos<\/strong><strong style=\"font-size: 16px;\"> Retribuidos: <\/strong><\/h3>\n<p><strong style=\"font-size: 16px;\">\u00a0<\/strong><span style=\"font-size: 16px;\">Por ingreso de un familiar superior a 24h te corresponden de 2 a 3 d\u00edas naturales\u00a0de permiso retribuido seg\u00fan parentesco. Cuando el ingreso es un viernes\u00a0s\u00f3lo te corresponde ese d\u00eda a no ser que est\u00e9s a 4\u00ba o 5\u00ba turno, aunque el ingreso\u00a0hospitalario contin\u00fae la siguiente semana. Para el siguiente convenio CGTLKN\u00a0propondr\u00e1 que se cambie \u201cd\u00edas naturales\u201d por \u201cd\u00edas laborales\u201d.<\/span><span style=\"font-size: 16px;\">\u00a0<\/span><\/p>\n<p>&nbsp;<\/p>\n<h3><span style=\"text-decoration: underline;\"><strong>Violencia en el trabajo:\u00a0<\/strong><\/span><\/h3>\n<p><span style=\"font-size: 16px;\">CGT ha propuesto a la empresa y al resto de sindicatos que se hiciera un protocolo\u00a0<\/span><span style=\"font-size: 16px;\">de actuaci\u00f3n ante casos de \u201cviolencia en el trabajo\u201d f\u00edsica, verbal o\u00a0<\/span><span style=\"font-size: 16px;\">sicol\u00f3gica. Por ello entregamos una ficha t\u00e9cnica, donde se recog\u00edan aspectos a\u00a0<\/span><span style=\"font-size: 16px;\">registrar en este tipo de incidentes con el fin de erradicar comportamientos\u00a0<\/span><span style=\"font-size: 16px;\">que a veces sufrimos.\u00a0<\/span><span style=\"font-size: 16px;\">La direcci\u00f3n de la empresa deber\u00eda adoptar una pol\u00edtica de no violencia,\u00a0<\/span><span style=\"font-size: 16px;\">persiguiendo cualquier conducta de este tipo.\u00a0<\/span><span style=\"font-size: 16px;\">La consulta a tod@s l@s trabajadorxs es necesaria para lograr su implicaci\u00f3n\u00a0<\/span><span style=\"font-size: 16px;\">y determinar las medidas preventivas a implantar<\/span><\/p>\n<h3><span style=\"font-size: 16px;\"><strong>Alfombrillas <\/strong><\/span><\/h3>\n<p><span style=\"font-size: 16px;\">Cuando se colocan <strong>alfombrillas en los puestos de trabajo<\/strong> muchas veces se terminan quit\u00e1ndose porque estas se doblan, se mueven o incluso nos tropezamos con ellas pudiendo ocasionar ca\u00eddas, para evitar esto. <\/span><\/p>\n<p><span style=\"font-size: 16px;\">Proponemos que se haga un rebaje en el suelo del espesor de la alfombrilla y sujetar con unos tornillos que sean f\u00e1ciles de quitar para poder limpiar. De esta manera la alfombra estar\u00eda a la misma altura que el suel\u00f3, se evitar\u00edan los tropiezos, ganamos en ergonom\u00eda y salud.<\/span><\/p>\n<h3><b>Desfibriladores<\/b><\/h3>\n<p>Colocaci\u00f3n de\u00a0<b>desfibriladores autom\u00e1ticos<\/b> ( que te indican por voz los pasos a seguir) en\u00a0 lugares estrat\u00e9gicos.\u00a0Solicitamos a la empresa que instalen desfribiladores autom\u00e1ticos en V20 y TF2 formando a personal en su uso.<\/p>\n<ul>\n<li>\u00a0Instalaci\u00f3n de una <strong>alarma luminosa para fosos<\/strong>. Ya que la sonora, con tanto ruido puede ser insuficiente en caso de emergencia.<\/li>\n<\/ul>\n<ul>\n<li>Hemos transmitido a la empresa la propuesta de <strong>ampliar el vestuario de chicos<\/strong>. Para ello creemos se deber\u00eda reducir el local del que dispone el servicio de limpieza, ya que lo utilizan para guardar pocas herramientas y les sobra mucho espacio, que vendr\u00eda muy bien para no estar tan juntitos.<\/li>\n<\/ul>\n<ul>\n<li>En reuni\u00f3n de comit\u00e9 de seguridad hemos propuesto en varias ocasiones la entrega de<strong> ropa de trabajo de alta visibilidad<\/strong> para toda la plantilla (con bandas reflectantes,parte de la ropa de color amarilla o naranja\u2026). Adem\u00e1s entendemos que no es lo mismo trabajar de carretiller@ ( fr\u00edo, etc.), en las Calientes, etc. Y que la ropa se deber\u00eda adaptar mejor a cada trabajo.<\/li>\n<\/ul>\n<ul>\n<li>CGT-LKN ha solicitado a la empresa que se cree un <strong>grupo de trabajo<\/strong> en el comit\u00e9 que\u00a0trate temas relacionados con el <strong>medio ambiente<\/strong>, gesti\u00f3n de residuos, formaci\u00f3n a la plantilla, reducci\u00f3n de huella ecol\u00f3gica de la empresa y la que generamos la plantilla en\u00a0transporte.<\/li>\n<\/ul>\n<ul>\n<li>La empresa deber\u00eda de crear un <strong>sistema que recogiera las iniciativas e ideas<\/strong> que plantee sus trabajadores. Estas ideas al ser puestas en marcha,se recompensar\u00eda a la persona de alguna manera.Hay empresas en las que se fomentan concursos, en los que los premios es un fin de semana para dos.Muchas veces el que esta a pie de m\u00e1quina ve los problemas mejor que otr@s, ya que diariamente esta trabajando con ello.<\/li>\n<\/ul>\n<ul>\n<li>\u00a0\u00a0 Muchos d\u00edas hay problemas para acceder al <strong>parking de Unamunzaga<\/strong>, ya que al llamar al timbre,\u00a0 no te abren, por la raz\u00f3n que sea. Creemos que seria mejor que se <strong>habilitase la entrada con la tarjeta de fichar<\/strong>, igual que cuando accedes a la empresa por la puerta de personal<\/li>\n<\/ul>\n<p>&nbsp;<\/p>\n<p>&nbsp;<\/p>\n<ul>\n<li>\n<h3><strong>02\/12\/2016<\/strong><\/h3>\n<\/li>\n<li>\n<h4><strong>Kaixo!<\/strong><\/h4>\n<h4><strong>Desde CGT-LKN planteamos para los calendarios de 2017 los siguientes<\/strong><br \/>\n<strong> 3 criterios:<\/strong><\/h4>\n<h4><strong>-Que los calendarios sean \u00abeternos\u00bb es decir que sigan rotando los<\/strong><br \/>\n<strong> turnos en navidades, semana santa y en verano. De esta manera gente<\/strong><br \/>\n<strong> que tiene familiares rotando a turnos en otras empresas puedan elegir<\/strong><br \/>\n<strong> un turno y as\u00ed siempre podr\u00e1n conciliar. Tambi\u00e9n se puede saber con<\/strong><br \/>\n<strong> muchos meses de antelaci\u00f3n y con cambio de a\u00f1o de que turno estar\u00e1s<\/strong><br \/>\n<strong> un d\u00eda futuro, si por ejemplo te ponen cita para el m\u00e9dico&#8230;<\/strong><\/h4>\n<h4><strong>-Los d\u00edas sobrantes de calendario de 3 relevos que se pongan en<\/strong><br \/>\n<strong> domingo noche para el calendario de 3 turnos. Pr\u00e1cticamente en 2017<\/strong><br \/>\n<strong> no existir\u00e1 en la f\u00e1brica gente a 2 relevos por lo que no podr\u00e1n<\/strong><br \/>\n<strong> utilizar de excusa que le venia bien hacer coincidir en viernes tarde<\/strong><br \/>\n<strong> d\u00eda festivo para la gente de 2 y 3 turnos a la vez.<\/strong><\/h4>\n<h4><strong>-Que en las vacaciones que se dibujen para el 2017, si se optan por<\/strong><br \/>\n<strong> dibujar 2, 3 o 4 \u00abtxandas\u00bb de vacaciones se rote desde ahora los<\/strong><br \/>\n<strong> equipos en las diferentes \u00abtxandas\u00bb.<\/strong><\/h4>\n<h4><strong>Entendemos que si a 4\u00ba turno el Equipo 1 ha cogido las vacaciones en<\/strong><br \/>\n<strong> la \u00abtxanda 1\u00bb en 2016 tendr\u00e1 que ver reflejadas sus vacaciones en la<\/strong><br \/>\n<strong> \u00abtxanda 2\u00bb , si el Equipo 2 a cogido en la \u00abtxanda 2\u00bb en 2016 que<\/strong><br \/>\n<strong> tenga en la \u00abtxanda 3\u00bb en 2017, si el Equipo 3 a cogido en la \u00abtxanda<\/strong><br \/>\n<strong> 3&#8243; en 2016 que en 2017 tenga en la \u00abtxanda 4\u00bb y si el Equipo 4 a<\/strong><br \/>\n<strong> cogido las vacaciones en la \u00abtxanda 4\u00bb en 2016 que en 2017 tenga la<\/strong><br \/>\n<strong> \u00abtxanda 1\u00bb.<\/strong><\/h4>\n<h4><strong>Lo mismo para los calendarios de 2 y 3 relevos.<\/strong><br \/>\n<strong> Un saludo.<\/strong><\/h4>\n<h4><strong>&#8212;<\/strong><br \/>\n<span style=\"color: #00ff00;\">Agrega a tus contactos<\/span> este n\u00famero para recibir\u00a0 informacion por la lista de difusi\u00f3n de Whatsapp: 717716451 y mandanos un Whatsapp con tu nombre y puesto de trabajo..<\/h4>\n<p>Somos un sindicato por y para las personas y no queremos crear una poblaci\u00f3n dependiente sindical, sino de apoyo en la demanda sindical, las necesidades las abordamos las personas y cuantas m\u00e1s mejor.<\/li>\n<\/ul>\n<p>&nbsp;<\/p>\n<h1><span style=\"text-decoration: underline;\"><strong><span style=\"color: #000000; font-size: 24px; line-height: 1.5em; text-decoration: underline;\">PLANES DE INVERSI\u00d3N:<\/span><\/strong><\/span><\/h1>\n<h2><strong><a href=\"https:\/\/www.cgt-lkn.org\/bizkaia-gestamp\/propuestas-e-ideas-3\/planes-de-inversion\/2012-2\/\" target=\"_blank\" rel=\"noopener noreferrer\">Plan de inversi\u00f3n de\u00a02012<\/a><\/strong><\/h2>\n<h2><strong><a href=\"https:\/\/www.cgt-lkn.org\/bizkaia-gestamp\/propuestas-e-ideas-3\/planes-de-inversion\/2011-2\/\" target=\"_blank\" rel=\"noopener noreferrer\">Plan de inversi\u00f3n de\u00a0 2011<\/a><\/strong><\/h2>\n<h2><strong><span style=\"font-size: 16px;\">\u00a0<\/span><a style=\"font-size: 16px;\" title=\"CALZADO\" href=\"https:\/\/www.cgt-lkn.org\/bizkaia-gestamp\/2007\/05\/12\/calzado\/\" target=\"_blank\" rel=\"noopener noreferrer\">CALZADO<\/a><\/strong><\/h2>\n<h2><strong><a title=\"ALTILLOS\" href=\"https:\/\/www.cgt-lkn.org\/bizkaia-gestamp\/2007\/04\/12\/altillos\/\" target=\"_blank\" rel=\"noopener noreferrer\">ALTILLOS<\/a><\/strong><\/h2>\n<\/div>\n<h2><\/h2>\n<div>\n<h1><span style=\"text-decoration: underline;\">CONVENIO<\/span><\/h1>\n<\/div>\n<h4><a title=\"plataforma convenio\" href=\"https:\/\/www.cgt-lkn.org\/wp-content\/uploads\/sites\/20\/2012\/04\/PLATAFORMA.pdf\" target=\"_blank\" rel=\"noopener noreferrer\">PROPUESTAS DE CGT-LKN PARA LA PLATAFORMA INICIAL DE NEGOCIACI\u00d3N DE CONVENIO\u200f<\/a><\/h4>\n<p>&nbsp;<\/p>\n<h3><span style=\"font-size: 20px;\"><strong><span style=\"text-decoration: underline;\"><span style=\"font-size: 24px;\">OTRAS PROPUESTAS<\/span><\/span><br \/>\n<\/strong><\/span><\/h3>\n<p>&nbsp;<\/p>\n","protected":false},"excerpt":{"rendered":"<p>PROPUESTA A LOS PRESUPUESTOS REURBANIZACI\u00d3N POL\u00cdGONO INDUSTRIAL DE LEBARIO VER\u00a0propuestas\u00a0EN PDF SEGURIDAD Y SALUD PLANES DE INVERSI\u00d3N CONVENIO M\u00c1S IDEAS<\/p>\n","protected":false},"author":31,"featured_media":0,"parent":0,"menu_order":13,"comment_status":"open","ping_status":"closed","template":"","meta":{"footnotes":"","_links_to":"","_links_to_target":""},"class_list":["post-1677","page","type-page","status-publish","hentry"],"publishpress_future_action":{"enabled":false,"date":"2026-05-10 11:42:14","action":"change-status","newStatus":"draft","terms":[],"taxonomy":"","extraData":[]},"publishpress_future_workflow_manual_trigger":{"enabledWorkflows":[]},"_links":{"self":[{"href":"https:\/\/www.cgt-lkn.org\/bizkaia-gestamp\/wp-json\/wp\/v2\/pages\/1677","targetHints":{"allow":["GET"]}}],"collection":[{"href":"https:\/\/www.cgt-lkn.org\/bizkaia-gestamp\/wp-json\/wp\/v2\/pages"}],"about":[{"href":"https:\/\/www.cgt-lkn.org\/bizkaia-gestamp\/wp-json\/wp\/v2\/types\/page"}],"author":[{"embeddable":true,"href":"https:\/\/www.cgt-lkn.org\/bizkaia-gestamp\/wp-json\/wp\/v2\/users\/31"}],"replies":[{"embeddable":true,"href":"https:\/\/www.cgt-lkn.org\/bizkaia-gestamp\/wp-json\/wp\/v2\/comments?post=1677"}],"version-history":[{"count":37,"href":"https:\/\/www.cgt-lkn.org\/bizkaia-gestamp\/wp-json\/wp\/v2\/pages\/1677\/revisions"}],"predecessor-version":[{"id":9660,"href":"https:\/\/www.cgt-lkn.org\/bizkaia-gestamp\/wp-json\/wp\/v2\/pages\/1677\/revisions\/9660"}],"wp:attachment":[{"href":"https:\/\/www.cgt-lkn.org\/bizkaia-gestamp\/wp-json\/wp\/v2\/media?parent=1677"}],"curies":[{"name":"wp","href":"https:\/\/api.w.org\/{rel}","templated":true}]}}